{"id":39,"date":"2025-11-18T09:22:20","date_gmt":"2025-11-18T09:22:20","guid":{"rendered":"https:\/\/baselinkweb.nl\/pol\/?page_id=39"},"modified":"2025-12-22T10:46:51","modified_gmt":"2025-12-22T09:46:51","slug":"problemy-z-adhd","status":"publish","type":"page","link":"https:\/\/praktijkpol.nl\/pl\/behandelingen\/adhd-problematiek\/","title":{"rendered":"Problemy z ADHD"},"content":{"rendered":"<div data-elementor-type=\"wp-page\" data-elementor-id=\"39\" class=\"elementor elementor-39\" data-elementor-post-type=\"page\">\n\t\t\t\t<div class=\"elementor-element elementor-element-67a092c golf-d e-flex e-con-boxed e-con e-parent\" data-id=\"67a092c\" data-element_type=\"container\" data-e-type=\"container\" data-settings=\"{&quot;background_background&quot;:&quot;video&quot;,&quot;background_video_link&quot;:&quot;https:\\\/\\\/praktijkpol.nl\\\/wp-content\\\/uploads\\\/2025\\\/11\\\/Video-main.webm&quot;,&quot;background_play_on_mobile&quot;:&quot;yes&quot;}\">\n\t\t\t\t\t<div class=\"e-con-inner\">\n\t\t<div class=\"elementor-background-video-container\">\n\t\t\t\t\t\t\t<video class=\"elementor-background-video-hosted\" role=\"presentation\" autoplay muted playsinline loop><\/video>\n\t\t\t\t\t<\/div>\t\t<div class=\"elementor-element elementor-element-dbbe0d1 elementor-widget__width-initial elementor-widget elementor-widget-heading\" data-id=\"dbbe0d1\" data-element_type=\"widget\" data-e-type=\"widget\" data-widget_type=\"heading.default\">\n\t\t\t\t\t<h1 class=\"elementor-heading-title elementor-size-default\">Problemy z ADHD<\/h1>\t\t\t\t<\/div>\n\t\t\t\t\t<\/div>\n\t\t\t\t<\/div>\n\t\t<div class=\"elementor-element elementor-element-23faa9d e-flex e-con-boxed e-con e-parent\" data-id=\"23faa9d\" data-element_type=\"container\" data-e-type=\"container\">\n\t\t\t\t\t<div class=\"e-con-inner\">\n\t\t<div class=\"elementor-element elementor-element-be5e0b1 e-con-full cta e-flex e-con e-child\" data-id=\"be5e0b1\" data-element_type=\"container\" data-e-type=\"container\">\n\t\t<div class=\"elementor-element elementor-element-e2d29af e-con-full e-flex e-con e-child\" data-id=\"e2d29af\" data-element_type=\"container\" data-e-type=\"container\" data-settings=\"{&quot;background_background&quot;:&quot;classic&quot;}\">\n\t\t\t\t<div class=\"elementor-element elementor-element-00509ab elementor-widget elementor-widget-text-editor\" data-id=\"00509ab\" data-element_type=\"widget\" data-e-type=\"widget\" data-widget_type=\"text-editor.default\">\n\t\t\t\t\t\t\t\t\t<h3 style=\"color: #006684;\">Brak czasu oczekiwania<\/h3><p>Potrzebujesz szybkiej pomocy w zakresie zdrowia psychicznego? Skontaktuj si\u0119 z Praktijk POL. Czas oczekiwania na wst\u0119pn\u0105 konsultacj\u0119 jest kr\u00f3tki.<\/p>\t\t\t\t\t\t\t\t<\/div>\n\t\t\t\t<div class=\"elementor-element elementor-element-f55f302 elementor-icon-list--layout-inline elementor-list-item-link-full_width elementor-widget elementor-widget-icon-list\" data-id=\"f55f302\" data-element_type=\"widget\" data-e-type=\"widget\" data-widget_type=\"icon-list.default\">\n\t\t\t\t\t\t\t<ul class=\"elementor-icon-list-items elementor-inline-items\">\n\t\t\t\t\t\t\t<li class=\"elementor-icon-list-item elementor-inline-item\">\n\t\t\t\t\t\t\t\t\t\t\t<a href=\"mailto:info@praktijkpol.nl\">\n\n\t\t\t\t\t\t\t\t\t\t\t\t<span class=\"elementor-icon-list-icon\">\n\t\t\t\t\t\t\t<i aria-hidden=\"true\" class=\"icon icon-mail\"><\/i>\t\t\t\t\t\t<\/span>\n\t\t\t\t\t\t\t\t\t\t<span class=\"elementor-icon-list-text\">info@praktijkpol.nl<\/span>\n\t\t\t\t\t\t\t\t\t\t\t<\/a>\n\t\t\t\t\t\t\t\t\t<\/li>\n\t\t\t\t\t\t\t\t<li class=\"elementor-icon-list-item elementor-inline-item\">\n\t\t\t\t\t\t\t\t\t\t\t<a href=\"tel:%20+31614149870\">\n\n\t\t\t\t\t\t\t\t\t\t\t\t<span class=\"elementor-icon-list-icon\">\n\t\t\t\t\t\t\t<i aria-hidden=\"true\" class=\"icon icon-telefoon\"><\/i>\t\t\t\t\t\t<\/span>\n\t\t\t\t\t\t\t\t\t\t<span class=\"elementor-icon-list-text\">06 - 141 49 870<\/span>\n\t\t\t\t\t\t\t\t\t\t\t<\/a>\n\t\t\t\t\t\t\t\t\t<\/li>\n\t\t\t\t\t\t<\/ul>\n\t\t\t\t\t\t<\/div>\n\t\t\t\t<\/div>\n\t\t<div class=\"elementor-element elementor-element-76f5990 e-con-full elementor-hidden-mobile e-flex e-con e-child\" data-id=\"76f5990\" data-element_type=\"container\" data-e-type=\"container\" data-settings=\"{&quot;background_background&quot;:&quot;classic&quot;}\">\n\t\t\t\t<div class=\"elementor-element elementor-element-72336be elementor-widget elementor-widget-text-editor\" data-id=\"72336be\" data-element_type=\"widget\" data-e-type=\"widget\" data-widget_type=\"text-editor.default\">\n\t\t\t\t\t\t\t\t\t<h3>Kryzys<\/h3><p>Je\u015bli znajdujesz si\u0119 w sytuacji kryzysowej, natychmiast skontaktuj si\u0119 z lekarzem rodzinnym. Poza godzinami pracy mo\u017cna zadzwoni\u0107 do dy\u017curnego lekarza rodzinnego. W razie potrzeby mog\u0105 oni wezwa\u0107 s\u0142u\u017cby kryzysowe GGZ.<\/p>\t\t\t\t\t\t\t\t<\/div>\n\t\t\t\t<\/div>\n\t\t\t\t<\/div>\n\t\t\t\t\t<\/div>\n\t\t\t\t<\/div>\n\t\t<div class=\"elementor-element elementor-element-09e2296 e-flex e-con-boxed e-con e-parent\" data-id=\"09e2296\" data-element_type=\"container\" data-e-type=\"container\">\n\t\t\t\t\t<div class=\"e-con-inner\">\n\t\t<div class=\"elementor-element elementor-element-226dba8 e-con-full e-flex e-con e-child\" data-id=\"226dba8\" data-element_type=\"container\" data-e-type=\"container\">\n\t\t\t\t<div class=\"elementor-element elementor-element-0eb6697 inhoud elementor-widget elementor-widget-text-editor\" data-id=\"0eb6697\" data-element_type=\"widget\" data-e-type=\"widget\" data-widget_type=\"text-editor.default\">\n\t\t\t\t\t\t\t\t\t<p>Niekt\u00f3rzy s\u0142yszeli, \u017ce s\u0105 zaj\u0119ci, maj\u0105 trudno\u015bci z utrzymaniem uwagi lub cz\u0119sto o czym\u015b zapominaj\u0105. By\u0107 mo\u017ce sam tego do\u015bwiadczasz: chcesz by\u0107 skupiony, ale nie udaje ci si\u0119 to i czujesz, \u017ce w twojej g\u0142owie panuje chaos.<\/p><h2>Rozpoznajesz to?<\/h2><ul><li>Trudno\u015bci z organizacj\u0105 i planowaniem<\/li><li>Szybkie rozproszenie uwagi<\/li><li>Niski lub negatywny nastr\u00f3j i trudno\u015bci z wyj\u015bciem z niego<\/li><li>Problemy z koncentracj\u0105<\/li><li>Uczucie zaj\u0119to\u015bci i niepokoju<\/li><li>Szukasz praktycznych narz\u0119dzi do lepszego funkcjonowania<\/li><\/ul>\t\t\t\t\t\t\t\t<\/div>\n\t\t\t\t<div class=\"elementor-element elementor-element-2c2b648 elementor-widget elementor-widget-text-editor\" data-id=\"2c2b648\" data-element_type=\"widget\" data-e-type=\"widget\" data-widget_type=\"text-editor.default\">\n\t\t\t\t\t\t\t\t\t<h3>Podej\u015bcie<\/h3><p>Dzi\u0119ki konkretnym i praktycznym wskaz\u00f3wkom poradzisz sobie z sytuacjami \u017cyciowymi, kt\u00f3re sprawiaj\u0105 Ci trudno\u015b\u0107. Tak, aby\u015b m\u00f3g\u0142 odzyska\u0107 i utrzyma\u0107 wi\u0119ksz\u0105 kontrol\u0119 nad swoim codziennym \u017cyciem i swoim dzia\u0142aniem.<\/p>\t\t\t\t\t\t\t\t<\/div>\n\t\t\t\t<div class=\"elementor-element elementor-element-ed723a5 elementor-widget elementor-widget-heading\" data-id=\"ed723a5\" data-element_type=\"widget\" data-e-type=\"widget\" data-widget_type=\"heading.default\">\n\t\t\t\t\t<h2 class=\"elementor-heading-title elementor-size-default\">Stawki (od 1 stycznia 2026 r.)<\/h2>\t\t\t\t<\/div>\n\t\t<div class=\"elementor-element elementor-element-e49b4ac e-con-full tarieven-wrapper e-flex e-con e-child\" data-id=\"e49b4ac\" data-element_type=\"container\" data-e-type=\"container\">\n\t\t\t\t<div class=\"elementor-element elementor-element-7b5ac67 elementor-widget elementor-widget-text-editor\" data-id=\"7b5ac67\" data-element_type=\"widget\" data-e-type=\"widget\" data-widget_type=\"text-editor.default\">\n\t\t\t\t\t\t\t\t\t<table class=\"tarieven\"><tbody><tr><td><strong>Indywidualna konsultacja (60 minut)<\/strong><\/td><td><strong>110 \u20ac (z VAT)<\/strong><\/td><\/tr><tr><td>Terapia relacji (60 minut)<\/td><td>140 \u20ac (bez VAT)<\/td><\/tr><tr><td>Konsultacje biznesowe (60 minut)<\/td><td>150 \u20ac (bez VAT)<\/td><\/tr><tr><td><p>Dla firm<\/p><p><a class=\"elementor-button elementor-button-text\" href=\"https:\/\/praktijkpol.nl\/pl\/firmy\/#offerte\">Popro\u015b o wycen\u0119<\/a><\/p><\/td><td>Cena do negocjacji<\/td><\/tr><\/tbody><\/table>\t\t\t\t\t\t\t\t<\/div>\n\t\t\t\t<\/div>\n\t\t\t\t<div class=\"elementor-element elementor-element-24a0246 elementor-widget elementor-widget-text-editor\" data-id=\"24a0246\" data-element_type=\"widget\" data-e-type=\"widget\" data-widget_type=\"text-editor.default\">\n\t\t\t\t\t\t\t\t\t<span class=\"disclaimer\">Og\u00f3lne warunki maj\u0105 zastosowanie do pe\u0142nego zakresu pomocy. Stawki te s\u0105 celowo ni\u017csze ni\u017c stawka NZA (177,89 EUR), aby zapewni\u0107 dost\u0119pno\u015b\u0107 opieki.<\/span>\t\t\t\t\t\t\t\t<\/div>\n\t\t\t\t<\/div>\n\t\t<div class=\"elementor-element elementor-element-40db9ae e-con-full e-flex e-con e-child\" data-id=\"40db9ae\" data-element_type=\"container\" data-e-type=\"container\">\n\t\t\t\t<div class=\"elementor-element elementor-element-0f730ea inhoud elementor-widget elementor-widget-text-editor\" data-id=\"0f730ea\" data-element_type=\"widget\" data-e-type=\"widget\" data-widget_type=\"text-editor.default\">\n\t\t\t\t\t\t\t\t\t<h2 style=\"color: #006684;\">Wi\u0119cej zabieg\u00f3w<\/h2>\n<nav class=\"navmenu\">\n<ul>\n \t<li><a href=\"https:\/\/praktijkpol.nl\/pl\/zabiegi\/coaching\/\">Coaching<\/a><\/li>\n \t<li><a href=\"https:\/\/praktijkpol.nl\/pl\/zabiegi\/panika-i-niepokoj\/\">Panika in niepok\u00f3j<\/a><\/li>\n \t<li><a href=\"https:\/\/praktijkpol.nl\/pl\/zabiegi\/problemy-w-zwiazkach\/\">Terapia par<\/a><\/li>\n \t<li><a href=\"https:\/\/praktijkpol.nl\/pl\/zabiegi\/problemy-z-nastrojem\/\">Problemy z nastrojem<\/a><\/li>\n \t<li><a href=\"https:\/\/praktijkpol.nl\/pl\/zabiegi\/problemy-zwiazane-z-praca\/\">Problemy zwi\u0105zane z prac\u0105<\/a><\/li>\n \t<li><a href=\"https:\/\/praktijkpol.nl\/pl\/zabiegi\/obraz-siebie-i-pewnosc-siebie\/\">Wizerunek w\u0142asny i pewno\u015b\u0107 siebie<\/a><\/li>\n<\/ul>\n<\/nav>\t\t\t\t\t\t\t\t<\/div>\n\t\t<div class=\"elementor-element elementor-element-6996aa4 e-con-full cta e-flex e-con e-child\" data-id=\"6996aa4\" data-element_type=\"container\" data-e-type=\"container\" data-settings=\"{&quot;background_background&quot;:&quot;classic&quot;}\">\n\t\t\t\t<div class=\"elementor-element elementor-element-d193516 elementor-widget elementor-widget-text-editor\" data-id=\"d193516\" data-element_type=\"widget\" data-e-type=\"widget\" data-widget_type=\"text-editor.default\">\n\t\t\t\t\t\t\t\t\t<h2>Skontaktuj si\u0119 z nami bez zobowi\u0105za\u0144<\/h2><p>Masz w\u0105tpliwo\u015bci, czy mo\u017cemy co\u015b dla Ciebie zrobi\u0107? Zapraszamy do kontaktu z nami, wsp\u00f3lnie sprawdzimy mo\u017cliwo\u015bci.<\/p>\t\t\t\t\t\t\t\t<\/div>\n\t\t\t\t<div class=\"elementor-element elementor-element-3df8d70 elementor-icon-list--layout-inline elementor-list-item-link-full_width elementor-widget elementor-widget-icon-list\" data-id=\"3df8d70\" data-element_type=\"widget\" data-e-type=\"widget\" data-widget_type=\"icon-list.default\">\n\t\t\t\t\t\t\t<ul class=\"elementor-icon-list-items elementor-inline-items\">\n\t\t\t\t\t\t\t<li class=\"elementor-icon-list-item elementor-inline-item\">\n\t\t\t\t\t\t\t\t\t\t\t<a href=\"mailto:info@praktijkpol.nl\">\n\n\t\t\t\t\t\t\t\t\t\t\t\t<span class=\"elementor-icon-list-icon\">\n\t\t\t\t\t\t\t<i aria-hidden=\"true\" class=\"icon icon-mail\"><\/i>\t\t\t\t\t\t<\/span>\n\t\t\t\t\t\t\t\t\t\t<span class=\"elementor-icon-list-text\">info@praktijkpol.nl<\/span>\n\t\t\t\t\t\t\t\t\t\t\t<\/a>\n\t\t\t\t\t\t\t\t\t<\/li>\n\t\t\t\t\t\t\t\t<li class=\"elementor-icon-list-item elementor-inline-item\">\n\t\t\t\t\t\t\t\t\t\t\t<a href=\"tel:%20+31614149870\">\n\n\t\t\t\t\t\t\t\t\t\t\t\t<span class=\"elementor-icon-list-icon\">\n\t\t\t\t\t\t\t<i aria-hidden=\"true\" class=\"icon icon-telefoon\"><\/i>\t\t\t\t\t\t<\/span>\n\t\t\t\t\t\t\t\t\t\t<span class=\"elementor-icon-list-text\">06 - 141 49 870<\/span>\n\t\t\t\t\t\t\t\t\t\t\t<\/a>\n\t\t\t\t\t\t\t\t\t<\/li>\n\t\t\t\t\t\t<\/ul>\n\t\t\t\t\t\t<\/div>\n\t\t\t\t<div class=\"elementor-element elementor-element-3da40ba elementor-widget elementor-widget-button\" data-id=\"3da40ba\" data-element_type=\"widget\" data-e-type=\"widget\" data-widget_type=\"button.default\">\n\t\t\t\t\t\t\t\t\t\t<a class=\"elementor-button elementor-button-link elementor-size-sm\" href=\"https:\/\/praktijkpol.nl\/pl\/contact\/\">\n\t\t\t\t\t\t<span class=\"elementor-button-content-wrapper\">\n\t\t\t\t\t\t\t\t\t<span class=\"elementor-button-text\">Kontakt<\/span>\n\t\t\t\t\t<\/span>\n\t\t\t\t\t<\/a>\n\t\t\t\t\t\t\t\t<\/div>\n\t\t\t\t<\/div>\n\t\t\t\t<\/div>\n\t\t\t\t\t<\/div>\n\t\t\t\t<\/div>\n\t\t\t\t<\/div>","protected":false},"excerpt":{"rendered":"<p>ADHD-problematiek Geen wachttijden Wilt u snel hulp bij psychische klachten? Neem contact op met Praktijk POL. De wachttijd voor een eerste gesprek is kort. info@praktijkpol.nl 06 &#8211; 141 49 870 Crisis Bent u in crisis, neem dan direct contact op met uw huisarts. Buiten kantoortijden kunt u de huisartsenpost bellen. Zij kunnen zo nodig de [&hellip;]<\/p>\n","protected":false},"author":2,"featured_media":0,"parent":23,"menu_order":0,"comment_status":"closed","ping_status":"closed","template":"","meta":{"footnotes":""},"class_list":["post-39","page","type-page","status-publish","hentry"],"yoast_head":"<!-- This site is optimized with the Yoast SEO plugin v27.4 - https:\/\/yoast.com\/product\/yoast-seo-wordpress\/ -->\n<title>ADHD-problematiek - Praktijk Pol<\/title>\n<meta name=\"robots\" content=\"index, follow, max-snippet:-1, max-image-preview:large, max-video-preview:-1\" \/>\n<link rel=\"canonical\" href=\"https:\/\/praktijkpol.nl\/pl\/zabiegi\/problemy-z-adhd\/\" \/>\n<meta property=\"og:locale\" content=\"pl_PL\" \/>\n<meta property=\"og:type\" content=\"article\" \/>\n<meta property=\"og:title\" content=\"ADHD-problematiek - Praktijk Pol\" \/>\n<meta property=\"og:description\" content=\"ADHD-problematiek Geen wachttijden Wilt u snel hulp bij psychische klachten? Neem contact op met Praktijk POL. De wachttijd voor een eerste gesprek is kort. info@praktijkpol.nl 06 &#8211; 141 49 870 Crisis Bent u in crisis, neem dan direct contact op met uw huisarts. Buiten kantoortijden kunt u de huisartsenpost bellen. Zij kunnen zo nodig de [&hellip;]\" \/>\n<meta property=\"og:url\" content=\"https:\/\/praktijkpol.nl\/pl\/zabiegi\/problemy-z-adhd\/\" \/>\n<meta property=\"og:site_name\" content=\"Praktijk Pol\" \/>\n<meta property=\"article:modified_time\" content=\"2025-12-22T09:46:51+00:00\" \/>\n<meta name=\"twitter:card\" content=\"summary_large_image\" \/>\n<meta name=\"twitter:label1\" content=\"Szacowany czas czytania\" \/>\n\t<meta name=\"twitter:data1\" content=\"1 minuta\" \/>\n<script type=\"application\/ld+json\" class=\"yoast-schema-graph\">{\"@context\":\"https:\\\/\\\/schema.org\",\"@graph\":[{\"@type\":\"WebPage\",\"@id\":\"https:\\\/\\\/praktijkpol.nl\\\/behandelingen\\\/adhd-problematiek\\\/\",\"url\":\"https:\\\/\\\/praktijkpol.nl\\\/behandelingen\\\/adhd-problematiek\\\/\",\"name\":\"ADHD-problematiek - Praktijk Pol\",\"isPartOf\":{\"@id\":\"https:\\\/\\\/praktijkpol.nl\\\/#website\"},\"datePublished\":\"2025-11-18T09:22:20+00:00\",\"dateModified\":\"2025-12-22T09:46:51+00:00\",\"breadcrumb\":{\"@id\":\"https:\\\/\\\/praktijkpol.nl\\\/behandelingen\\\/adhd-problematiek\\\/#breadcrumb\"},\"inLanguage\":\"pl-PL\",\"potentialAction\":[{\"@type\":\"ReadAction\",\"target\":[\"https:\\\/\\\/praktijkpol.nl\\\/behandelingen\\\/adhd-problematiek\\\/\"]}]},{\"@type\":\"BreadcrumbList\",\"@id\":\"https:\\\/\\\/praktijkpol.nl\\\/behandelingen\\\/adhd-problematiek\\\/#breadcrumb\",\"itemListElement\":[{\"@type\":\"ListItem\",\"position\":1,\"name\":\"Home\",\"item\":\"https:\\\/\\\/praktijkpol.nl\\\/\"},{\"@type\":\"ListItem\",\"position\":2,\"name\":\"Behandelingen\",\"item\":\"https:\\\/\\\/praktijkpol.nl\\\/behandelingen\\\/\"},{\"@type\":\"ListItem\",\"position\":3,\"name\":\"ADHD-problematiek\"}]},{\"@type\":\"WebSite\",\"@id\":\"https:\\\/\\\/praktijkpol.nl\\\/#website\",\"url\":\"https:\\\/\\\/praktijkpol.nl\\\/\",\"name\":\"Praktijk POL\",\"description\":\"\",\"publisher\":{\"@id\":\"https:\\\/\\\/praktijkpol.nl\\\/#organization\"},\"potentialAction\":[{\"@type\":\"SearchAction\",\"target\":{\"@type\":\"EntryPoint\",\"urlTemplate\":\"https:\\\/\\\/praktijkpol.nl\\\/?s={search_term_string}\"},\"query-input\":{\"@type\":\"PropertyValueSpecification\",\"valueRequired\":true,\"valueName\":\"search_term_string\"}}],\"inLanguage\":\"pl-PL\"},{\"@type\":\"Organization\",\"@id\":\"https:\\\/\\\/praktijkpol.nl\\\/#organization\",\"name\":\"Psychologenpraktijk POL\",\"url\":\"https:\\\/\\\/praktijkpol.nl\\\/\",\"logo\":{\"@type\":\"ImageObject\",\"inLanguage\":\"pl-PL\",\"@id\":\"https:\\\/\\\/praktijkpol.nl\\\/#\\\/schema\\\/logo\\\/image\\\/\",\"url\":\"https:\\\/\\\/praktijkpol.nl\\\/wp-content\\\/uploads\\\/2025\\\/11\\\/Pscyhologenpraktijk-Pol-logo.png\",\"contentUrl\":\"https:\\\/\\\/praktijkpol.nl\\\/wp-content\\\/uploads\\\/2025\\\/11\\\/Pscyhologenpraktijk-Pol-logo.png\",\"width\":328,\"height\":77,\"caption\":\"Psychologenpraktijk POL\"},\"image\":{\"@id\":\"https:\\\/\\\/praktijkpol.nl\\\/#\\\/schema\\\/logo\\\/image\\\/\"}}]}<\/script>\n<!-- \/ Yoast SEO plugin. -->","yoast_head_json":{"title":"Problemy z ADHD - Practice Pol","robots":{"index":"index","follow":"follow","max-snippet":"max-snippet:-1","max-image-preview":"max-image-preview:large","max-video-preview":"max-video-preview:-1"},"canonical":"https:\/\/praktijkpol.nl\/pl\/zabiegi\/problemy-z-adhd\/","og_locale":"pl_PL","og_type":"article","og_title":"ADHD-problematiek - Praktijk Pol","og_description":"ADHD-problematiek Geen wachttijden Wilt u snel hulp bij psychische klachten? Neem contact op met Praktijk POL. De wachttijd voor een eerste gesprek is kort. info@praktijkpol.nl 06 &#8211; 141 49 870 Crisis Bent u in crisis, neem dan direct contact op met uw huisarts. Buiten kantoortijden kunt u de huisartsenpost bellen. Zij kunnen zo nodig de [&hellip;]","og_url":"https:\/\/praktijkpol.nl\/pl\/zabiegi\/problemy-z-adhd\/","og_site_name":"Praktijk Pol","article_modified_time":"2025-12-22T09:46:51+00:00","twitter_card":"summary_large_image","twitter_misc":{"Szacowany czas czytania":"1 minuta"},"schema":{"@context":"https:\/\/schema.org","@graph":[{"@type":"WebPage","@id":"https:\/\/praktijkpol.nl\/behandelingen\/adhd-problematiek\/","url":"https:\/\/praktijkpol.nl\/behandelingen\/adhd-problematiek\/","name":"Problemy z ADHD - Practice Pol","isPartOf":{"@id":"https:\/\/praktijkpol.nl\/#website"},"datePublished":"2025-11-18T09:22:20+00:00","dateModified":"2025-12-22T09:46:51+00:00","breadcrumb":{"@id":"https:\/\/praktijkpol.nl\/behandelingen\/adhd-problematiek\/#breadcrumb"},"inLanguage":"pl-PL","potentialAction":[{"@type":"ReadAction","target":["https:\/\/praktijkpol.nl\/behandelingen\/adhd-problematiek\/"]}]},{"@type":"BreadcrumbList","@id":"https:\/\/praktijkpol.nl\/behandelingen\/adhd-problematiek\/#breadcrumb","itemListElement":[{"@type":"ListItem","position":1,"name":"Home","item":"https:\/\/praktijkpol.nl\/"},{"@type":"ListItem","position":2,"name":"Behandelingen","item":"https:\/\/praktijkpol.nl\/behandelingen\/"},{"@type":"ListItem","position":3,"name":"ADHD-problematiek"}]},{"@type":"WebSite","@id":"https:\/\/praktijkpol.nl\/#website","url":"https:\/\/praktijkpol.nl\/","name":"Praktyka POL","description":"","publisher":{"@id":"https:\/\/praktijkpol.nl\/#organization"},"potentialAction":[{"@type":"SearchAction","target":{"@type":"EntryPoint","urlTemplate":"https:\/\/praktijkpol.nl\/?s={search_term_string}"},"query-input":{"@type":"PropertyValueSpecification","valueRequired":true,"valueName":"search_term_string"}}],"inLanguage":"pl-PL"},{"@type":"Organization","@id":"https:\/\/praktijkpol.nl\/#organization","name":"Praktyka psychologii POL","url":"https:\/\/praktijkpol.nl\/","logo":{"@type":"ImageObject","inLanguage":"pl-PL","@id":"https:\/\/praktijkpol.nl\/#\/schema\/logo\/image\/","url":"https:\/\/praktijkpol.nl\/wp-content\/uploads\/2025\/11\/Pscyhologenpraktijk-Pol-logo.png","contentUrl":"https:\/\/praktijkpol.nl\/wp-content\/uploads\/2025\/11\/Pscyhologenpraktijk-Pol-logo.png","width":328,"height":77,"caption":"Psychologenpraktijk POL"},"image":{"@id":"https:\/\/praktijkpol.nl\/#\/schema\/logo\/image\/"}}]}},"_links":{"self":[{"href":"https:\/\/praktijkpol.nl\/pl\/wp-json\/wp\/v2\/pages\/39","targetHints":{"allow":["GET"]}}],"collection":[{"href":"https:\/\/praktijkpol.nl\/pl\/wp-json\/wp\/v2\/pages"}],"about":[{"href":"https:\/\/praktijkpol.nl\/pl\/wp-json\/wp\/v2\/types\/page"}],"author":[{"embeddable":true,"href":"https:\/\/praktijkpol.nl\/pl\/wp-json\/wp\/v2\/users\/2"}],"replies":[{"embeddable":true,"href":"https:\/\/praktijkpol.nl\/pl\/wp-json\/wp\/v2\/comments?post=39"}],"version-history":[{"count":142,"href":"https:\/\/praktijkpol.nl\/pl\/wp-json\/wp\/v2\/pages\/39\/revisions"}],"predecessor-version":[{"id":1937,"href":"https:\/\/praktijkpol.nl\/pl\/wp-json\/wp\/v2\/pages\/39\/revisions\/1937"}],"up":[{"embeddable":true,"href":"https:\/\/praktijkpol.nl\/pl\/wp-json\/wp\/v2\/pages\/23"}],"wp:attachment":[{"href":"https:\/\/praktijkpol.nl\/pl\/wp-json\/wp\/v2\/media?parent=39"}],"curies":[{"name":"wp","href":"https:\/\/api.w.org\/{rel}","templated":true}]}}