{"id":21,"date":"2025-11-18T08:52:41","date_gmt":"2025-11-18T08:52:41","guid":{"rendered":"https:\/\/baselinkweb.nl\/pol\/?page_id=21"},"modified":"2025-12-17T09:49:25","modified_gmt":"2025-12-17T08:49:25","slug":"o-mnie","status":"publish","type":"page","link":"https:\/\/praktijkpol.nl\/pl\/over-mij\/","title":{"rendered":"O mnie"},"content":{"rendered":"<div data-elementor-type=\"wp-page\" data-elementor-id=\"21\" class=\"elementor elementor-21\" data-elementor-post-type=\"page\">\n\t\t\t\t<div class=\"elementor-element elementor-element-60262b2 golf-c e-flex e-con-boxed e-con e-parent\" data-id=\"60262b2\" data-element_type=\"container\" data-e-type=\"container\" data-settings=\"{&quot;background_background&quot;:&quot;classic&quot;}\">\n\t\t\t\t\t<div class=\"e-con-inner\">\n\t\t\t\t<div class=\"elementor-element elementor-element-87acce7 elementor-widget__width-initial elementor-widget elementor-widget-text-editor\" data-id=\"87acce7\" data-element_type=\"widget\" data-e-type=\"widget\" data-widget_type=\"text-editor.default\">\n\t\t\t\t\t\t\t\t\t<h1>O mnie<\/h1><p>Nazywam si\u0119 Kornelia Madej, jestem absolwentk\u0105 psychologii na Uniwersytecie Warszawskim. Po uko\u0144czeniu szkolenia przyjecha\u0142am do Holandii i pracowa\u0142am w r\u00f3\u017cnych \u015brodowiskach, g\u0142\u00f3wnie w sektorze podstawowej opieki psychiatrycznej. \u00a0 \u00a0 \u00a0Dzi\u0119ki temu do\u015bwiadczeniu zdoby\u0142am szerok\u0105 wiedz\u0119 i nauczy\u0142am si\u0119 pracowa\u0107 stanowczo i celowo.<\/p>\t\t\t\t\t\t\t\t<\/div>\n\t\t\t\t\t<\/div>\n\t\t\t\t<\/div>\n\t\t<div class=\"elementor-element elementor-element-ccc1317 e-flex e-con-boxed e-con e-parent\" data-id=\"ccc1317\" data-element_type=\"container\" data-e-type=\"container\">\n\t\t\t\t\t<div class=\"e-con-inner\">\n\t\t\t\t<div class=\"elementor-element elementor-element-8015b6b elementor-widget__width-initial elementor-widget elementor-widget-text-editor\" data-id=\"8015b6b\" data-element_type=\"widget\" data-e-type=\"widget\" data-widget_type=\"text-editor.default\">\n\t\t\t\t\t\t\t\t\t<p>Nazywam si\u0119 Kornelia Madej, jestem absolwentk\u0105 psychologii na Uniwersytecie Warszawskim. Po uko\u0144czeniu szkolenia przyjecha\u0142am do Holandii i pracowa\u0142am w r\u00f3\u017cnych \u015brodowiskach, g\u0142\u00f3wnie w sektorze podstawowej opieki psychiatrycznej. \u00a0 \u00a0 \u00a0Dzi\u0119ki temu do\u015bwiadczeniu zdoby\u0142am szerok\u0105 wiedz\u0119 i nauczy\u0142am si\u0119 pracowa\u0107 stanowczo i celowo.<br \/>D\u0142ugie listy oczekuj\u0105cych w g\u0142\u00f3wnym nurcie opieki by\u0142y ostatecznie czynnikiem decyduj\u0105cym o rozpocz\u0119ciu przeze mnie w\u0142asnej praktyki z naciskiem na kr\u00f3tkoterminowe \u015bcie\u017cki. Dzi\u0119ki empatii i krytycznemu spojrzeniu, wsp\u00f3lnie z klientami szukam sedna problemu. Daje to zar\u00f3wno klientowi, jak i terapeucie wi\u0119ksz\u0105 kontrol\u0119 nad procesem i dobrze pasuje do mojej zdolno\u015bci do szybkiego dotarcia do sedna i okre\u015blenia, co jest potrzebne do trwa\u0142ej zmiany.<\/p><p>Moim punktem wyj\u015bcia w gabinecie terapeutycznym nie jest diagnoza, ale osoba z w\u0142asn\u0105 histori\u0105, do\u015bwiadczeniami, \u017cyczeniami i nadziejami. Dla mnie etykiety s\u0105 drugorz\u0119dne wobec tego co naprawd\u0119 si\u0119 liczy: Twoje potrzeby, cele i sposoby na znalezienie w\u0142a\u015bciwych rozwi\u0105za\u0144. Historia \u017cycia ka\u017cdego cz\u0142owieka kszta\u0142tuje to, kim jeste\u015bmy; zrozumienie tej \u015bcie\u017cki \u017cycia jest zatem kluczowe w moim podej\u015bciu. To w\u0142a\u015bnie w spotkaniu z twoj\u0105 histori\u0105 powstaje przestrze\u0144 do zmian, powrotu do zdrowia \u00a0i budowania nowej perspektywy.<\/p><p>Wierz\u0119, \u017ce ka\u017cda osoba ma w sobie zasoby i odporno\u015b\u0107, aby krok po kroku kszta\u0142towa\u0107 \u017cycie, kt\u00f3re sobie wyobra\u017ca i kt\u00f3rego pragnie.<\/p>\t\t\t\t\t\t\t\t<\/div>\n\t\t<div class=\"elementor-element elementor-element-be2794f e-con-full cta e-flex e-con e-child\" data-id=\"be2794f\" data-element_type=\"container\" data-e-type=\"container\">\n\t\t<div class=\"elementor-element elementor-element-18fd076 e-con-full e-flex e-con e-child\" data-id=\"18fd076\" data-element_type=\"container\" data-e-type=\"container\" data-settings=\"{&quot;background_background&quot;:&quot;classic&quot;}\">\n\t\t\t\t<div class=\"elementor-element elementor-element-09c7775 elementor-widget elementor-widget-text-editor\" data-id=\"09c7775\" data-element_type=\"widget\" data-e-type=\"widget\" data-widget_type=\"text-editor.default\">\n\t\t\t\t\t\t\t\t\t<h3 style=\"color: #006684;\">Brak czasu oczekiwania<\/h3><p>Potrzebujesz szybkiej pomocy w kwestiach zdrowia psychicznego? Skontaktuj si\u0119 z Praktyk\u0105 POL. Czas oczekiwania na wst\u0119pn\u0105 konsultacj\u0119 jest kr\u00f3tki.<\/p>\t\t\t\t\t\t\t\t<\/div>\n\t\t\t\t<div class=\"elementor-element elementor-element-8b3c873 elementor-icon-list--layout-inline elementor-list-item-link-full_width elementor-widget elementor-widget-icon-list\" data-id=\"8b3c873\" data-element_type=\"widget\" data-e-type=\"widget\" data-widget_type=\"icon-list.default\">\n\t\t\t\t\t\t\t<ul class=\"elementor-icon-list-items elementor-inline-items\">\n\t\t\t\t\t\t\t<li class=\"elementor-icon-list-item elementor-inline-item\">\n\t\t\t\t\t\t\t\t\t\t\t<a href=\"mailto:info@praktijkpol.nl\">\n\n\t\t\t\t\t\t\t\t\t\t\t\t<span class=\"elementor-icon-list-icon\">\n\t\t\t\t\t\t\t<i aria-hidden=\"true\" class=\"icon icon-mail\"><\/i>\t\t\t\t\t\t<\/span>\n\t\t\t\t\t\t\t\t\t\t<span class=\"elementor-icon-list-text\">info@praktijkpol.nl<\/span>\n\t\t\t\t\t\t\t\t\t\t\t<\/a>\n\t\t\t\t\t\t\t\t\t<\/li>\n\t\t\t\t\t\t\t\t<li class=\"elementor-icon-list-item elementor-inline-item\">\n\t\t\t\t\t\t\t\t\t\t\t<a href=\"tel:%20+31614149870\">\n\n\t\t\t\t\t\t\t\t\t\t\t\t<span class=\"elementor-icon-list-icon\">\n\t\t\t\t\t\t\t<i aria-hidden=\"true\" class=\"icon icon-telefoon\"><\/i>\t\t\t\t\t\t<\/span>\n\t\t\t\t\t\t\t\t\t\t<span class=\"elementor-icon-list-text\">06 - 141 49 870<\/span>\n\t\t\t\t\t\t\t\t\t\t\t<\/a>\n\t\t\t\t\t\t\t\t\t<\/li>\n\t\t\t\t\t\t<\/ul>\n\t\t\t\t\t\t<\/div>\n\t\t\t\t<\/div>\n\t\t<div class=\"elementor-element elementor-element-d7a1a4a e-con-full e-flex e-con e-child\" data-id=\"d7a1a4a\" data-element_type=\"container\" data-e-type=\"container\" data-settings=\"{&quot;background_background&quot;:&quot;classic&quot;}\">\n\t\t\t\t<div class=\"elementor-element elementor-element-5dd5aa0 elementor-widget elementor-widget-text-editor\" data-id=\"5dd5aa0\" data-element_type=\"widget\" data-e-type=\"widget\" data-widget_type=\"text-editor.default\">\n\t\t\t\t\t\t\t\t\t<h3>Kryzys<\/h3>\nJe\u015bli znajdujesz si\u0119 w sytuacji kryzysowej, natychmiast skontaktuj si\u0119 z lekarzem rodzinnym. Poza godzinami pracy mo\u017cna zadzwoni\u0107 do dy\u017curnego lekarza rodzinnego. W razie potrzeby mog\u0105 oni wezwa\u0107 s\u0142u\u017cby kryzysowe GGZ.\t\t\t\t\t\t\t\t<\/div>\n\t\t\t\t<\/div>\n\t\t<div class=\"elementor-element elementor-element-7eed794 e-con-full e-flex e-con e-child\" data-id=\"7eed794\" data-element_type=\"container\" data-e-type=\"container\" data-settings=\"{&quot;background_background&quot;:&quot;classic&quot;}\">\n\t\t\t\t<div class=\"elementor-element elementor-element-269af6d elementor-widget elementor-widget-text-editor\" data-id=\"269af6d\" data-element_type=\"widget\" data-e-type=\"widget\" data-widget_type=\"text-editor.default\">\n\t\t\t\t\t\t\t\t\t<h3>Zakres pomocy<\/h3><p>Aby skorzysta\u0107 z terapii, nie trzeba mie\u0107 skierowania. Koszty sesji nie s\u0105 pokrywane przez ubezpieczycieli.<\/p><p><a class=\"elementor-button elementor-button-text\" href=\"\/pl\/zabiegi\/\">Do zabieg\u00f3w<\/a><\/p>\t\t\t\t\t\t\t\t<\/div>\n\t\t\t\t<\/div>\n\t\t\t\t<\/div>\n\t\t\t\t\t<\/div>\n\t\t\t\t<\/div>\n\t\t\t\t<\/div>","protected":false},"excerpt":{"rendered":"<p>Over mij Ik ben Cornelia Madej, afgestudeerd psycholoog aan de universiteit te Warschau Na mijn opleiding ben ik naar Nederland gekomen en heb ik in diverse settingen gewerkt, voornamelijk binnen de basis-GGZ. Door die ervaring heb ik een brede kennis opgebouwd en geleerd stevig en doelgericht te werken. Ik ben Cornelia Madej, afgestudeerd psycholoog aan [&hellip;]<\/p>\n","protected":false},"author":2,"featured_media":0,"parent":0,"menu_order":0,"comment_status":"closed","ping_status":"closed","template":"","meta":{"footnotes":""},"class_list":["post-21","page","type-page","status-publish","hentry"],"yoast_head":"<!-- This site is optimized with the Yoast SEO plugin v27.4 - https:\/\/yoast.com\/product\/yoast-seo-wordpress\/ -->\n<title>Over mij - Praktijk Pol<\/title>\n<meta name=\"robots\" content=\"index, follow, max-snippet:-1, max-image-preview:large, max-video-preview:-1\" \/>\n<link rel=\"canonical\" href=\"https:\/\/praktijkpol.nl\/pl\/o-mnie\/\" \/>\n<meta property=\"og:locale\" content=\"pl_PL\" \/>\n<meta property=\"og:type\" content=\"article\" \/>\n<meta property=\"og:title\" content=\"Over mij - Praktijk Pol\" \/>\n<meta property=\"og:description\" content=\"Over mij Ik ben Cornelia Madej, afgestudeerd psycholoog aan de universiteit te Warschau Na mijn opleiding ben ik naar Nederland gekomen en heb ik in diverse settingen gewerkt, voornamelijk binnen de basis-GGZ. Door die ervaring heb ik een brede kennis opgebouwd en geleerd stevig en doelgericht te werken. Ik ben Cornelia Madej, afgestudeerd psycholoog aan [&hellip;]\" \/>\n<meta property=\"og:url\" content=\"https:\/\/praktijkpol.nl\/pl\/o-mnie\/\" \/>\n<meta property=\"og:site_name\" content=\"Praktijk Pol\" \/>\n<meta property=\"article:modified_time\" content=\"2025-12-17T08:49:25+00:00\" \/>\n<meta name=\"twitter:card\" content=\"summary_large_image\" \/>\n<meta name=\"twitter:label1\" content=\"Szacowany czas czytania\" \/>\n\t<meta name=\"twitter:data1\" content=\"2 minuty\" \/>\n<script type=\"application\/ld+json\" class=\"yoast-schema-graph\">{\"@context\":\"https:\\\/\\\/schema.org\",\"@graph\":[{\"@type\":\"WebPage\",\"@id\":\"https:\\\/\\\/praktijkpol.nl\\\/over-mij\\\/\",\"url\":\"https:\\\/\\\/praktijkpol.nl\\\/over-mij\\\/\",\"name\":\"Over mij - Praktijk Pol\",\"isPartOf\":{\"@id\":\"https:\\\/\\\/praktijkpol.nl\\\/#website\"},\"datePublished\":\"2025-11-18T08:52:41+00:00\",\"dateModified\":\"2025-12-17T08:49:25+00:00\",\"breadcrumb\":{\"@id\":\"https:\\\/\\\/praktijkpol.nl\\\/over-mij\\\/#breadcrumb\"},\"inLanguage\":\"pl-PL\",\"potentialAction\":[{\"@type\":\"ReadAction\",\"target\":[\"https:\\\/\\\/praktijkpol.nl\\\/over-mij\\\/\"]}]},{\"@type\":\"BreadcrumbList\",\"@id\":\"https:\\\/\\\/praktijkpol.nl\\\/over-mij\\\/#breadcrumb\",\"itemListElement\":[{\"@type\":\"ListItem\",\"position\":1,\"name\":\"Home\",\"item\":\"https:\\\/\\\/praktijkpol.nl\\\/\"},{\"@type\":\"ListItem\",\"position\":2,\"name\":\"Over mij\"}]},{\"@type\":\"WebSite\",\"@id\":\"https:\\\/\\\/praktijkpol.nl\\\/#website\",\"url\":\"https:\\\/\\\/praktijkpol.nl\\\/\",\"name\":\"Praktijk POL\",\"description\":\"\",\"publisher\":{\"@id\":\"https:\\\/\\\/praktijkpol.nl\\\/#organization\"},\"potentialAction\":[{\"@type\":\"SearchAction\",\"target\":{\"@type\":\"EntryPoint\",\"urlTemplate\":\"https:\\\/\\\/praktijkpol.nl\\\/?s={search_term_string}\"},\"query-input\":{\"@type\":\"PropertyValueSpecification\",\"valueRequired\":true,\"valueName\":\"search_term_string\"}}],\"inLanguage\":\"pl-PL\"},{\"@type\":\"Organization\",\"@id\":\"https:\\\/\\\/praktijkpol.nl\\\/#organization\",\"name\":\"Psychologenpraktijk POL\",\"url\":\"https:\\\/\\\/praktijkpol.nl\\\/\",\"logo\":{\"@type\":\"ImageObject\",\"inLanguage\":\"pl-PL\",\"@id\":\"https:\\\/\\\/praktijkpol.nl\\\/#\\\/schema\\\/logo\\\/image\\\/\",\"url\":\"https:\\\/\\\/praktijkpol.nl\\\/wp-content\\\/uploads\\\/2025\\\/11\\\/Pscyhologenpraktijk-Pol-logo.png\",\"contentUrl\":\"https:\\\/\\\/praktijkpol.nl\\\/wp-content\\\/uploads\\\/2025\\\/11\\\/Pscyhologenpraktijk-Pol-logo.png\",\"width\":328,\"height\":77,\"caption\":\"Psychologenpraktijk POL\"},\"image\":{\"@id\":\"https:\\\/\\\/praktijkpol.nl\\\/#\\\/schema\\\/logo\\\/image\\\/\"}}]}<\/script>\n<!-- \/ Yoast SEO plugin. -->","yoast_head_json":{"title":"O mnie - Practice Pol","robots":{"index":"index","follow":"follow","max-snippet":"max-snippet:-1","max-image-preview":"max-image-preview:large","max-video-preview":"max-video-preview:-1"},"canonical":"https:\/\/praktijkpol.nl\/pl\/o-mnie\/","og_locale":"pl_PL","og_type":"article","og_title":"Over mij - Praktijk Pol","og_description":"Over mij Ik ben Cornelia Madej, afgestudeerd psycholoog aan de universiteit te Warschau Na mijn opleiding ben ik naar Nederland gekomen en heb ik in diverse settingen gewerkt, voornamelijk binnen de basis-GGZ. Door die ervaring heb ik een brede kennis opgebouwd en geleerd stevig en doelgericht te werken. Ik ben Cornelia Madej, afgestudeerd psycholoog aan [&hellip;]","og_url":"https:\/\/praktijkpol.nl\/pl\/o-mnie\/","og_site_name":"Praktijk Pol","article_modified_time":"2025-12-17T08:49:25+00:00","twitter_card":"summary_large_image","twitter_misc":{"Szacowany czas czytania":"2 minuty"},"schema":{"@context":"https:\/\/schema.org","@graph":[{"@type":"WebPage","@id":"https:\/\/praktijkpol.nl\/over-mij\/","url":"https:\/\/praktijkpol.nl\/over-mij\/","name":"O mnie - Practice Pol","isPartOf":{"@id":"https:\/\/praktijkpol.nl\/#website"},"datePublished":"2025-11-18T08:52:41+00:00","dateModified":"2025-12-17T08:49:25+00:00","breadcrumb":{"@id":"https:\/\/praktijkpol.nl\/over-mij\/#breadcrumb"},"inLanguage":"pl-PL","potentialAction":[{"@type":"ReadAction","target":["https:\/\/praktijkpol.nl\/over-mij\/"]}]},{"@type":"BreadcrumbList","@id":"https:\/\/praktijkpol.nl\/over-mij\/#breadcrumb","itemListElement":[{"@type":"ListItem","position":1,"name":"Home","item":"https:\/\/praktijkpol.nl\/"},{"@type":"ListItem","position":2,"name":"Over mij"}]},{"@type":"WebSite","@id":"https:\/\/praktijkpol.nl\/#website","url":"https:\/\/praktijkpol.nl\/","name":"Praktyka POL","description":"","publisher":{"@id":"https:\/\/praktijkpol.nl\/#organization"},"potentialAction":[{"@type":"SearchAction","target":{"@type":"EntryPoint","urlTemplate":"https:\/\/praktijkpol.nl\/?s={search_term_string}"},"query-input":{"@type":"PropertyValueSpecification","valueRequired":true,"valueName":"search_term_string"}}],"inLanguage":"pl-PL"},{"@type":"Organization","@id":"https:\/\/praktijkpol.nl\/#organization","name":"Praktyka psychologii POL","url":"https:\/\/praktijkpol.nl\/","logo":{"@type":"ImageObject","inLanguage":"pl-PL","@id":"https:\/\/praktijkpol.nl\/#\/schema\/logo\/image\/","url":"https:\/\/praktijkpol.nl\/wp-content\/uploads\/2025\/11\/Pscyhologenpraktijk-Pol-logo.png","contentUrl":"https:\/\/praktijkpol.nl\/wp-content\/uploads\/2025\/11\/Pscyhologenpraktijk-Pol-logo.png","width":328,"height":77,"caption":"Psychologenpraktijk POL"},"image":{"@id":"https:\/\/praktijkpol.nl\/#\/schema\/logo\/image\/"}}]}},"_links":{"self":[{"href":"https:\/\/praktijkpol.nl\/pl\/wp-json\/wp\/v2\/pages\/21","targetHints":{"allow":["GET"]}}],"collection":[{"href":"https:\/\/praktijkpol.nl\/pl\/wp-json\/wp\/v2\/pages"}],"about":[{"href":"https:\/\/praktijkpol.nl\/pl\/wp-json\/wp\/v2\/types\/page"}],"author":[{"embeddable":true,"href":"https:\/\/praktijkpol.nl\/pl\/wp-json\/wp\/v2\/users\/2"}],"replies":[{"embeddable":true,"href":"https:\/\/praktijkpol.nl\/pl\/wp-json\/wp\/v2\/comments?post=21"}],"version-history":[{"count":76,"href":"https:\/\/praktijkpol.nl\/pl\/wp-json\/wp\/v2\/pages\/21\/revisions"}],"predecessor-version":[{"id":1896,"href":"https:\/\/praktijkpol.nl\/pl\/wp-json\/wp\/v2\/pages\/21\/revisions\/1896"}],"wp:attachment":[{"href":"https:\/\/praktijkpol.nl\/pl\/wp-json\/wp\/v2\/media?parent=21"}],"curies":[{"name":"wp","href":"https:\/\/api.w.org\/{rel}","templated":true}]}}